{"id":69706,"date":"2022-03-16T10:50:38","date_gmt":"2022-03-16T09:50:38","guid":{"rendered":"https:\/\/www.wolftheiss.com\/?page_id=69706"},"modified":"2022-09-09T08:17:19","modified_gmt":"2022-09-09T06:17:19","slug":"imprint","status":"publish","type":"page","link":"https:\/\/www.wolftheiss.com\/sl\/imprint\/","title":{"rendered":"Pravno obvestilo"},"content":{"rendered":"\n<p><br><\/p>\n\n\n\n<p>\u00a9 2022 Wolf Theiss Rechtsanw\u00e4lte GmbH &amp; Co KG<\/p>\n\n\n\n<p><\/p>\n\n\n\n<p><strong>WOLF THEISS Rechtsanw\u00e4lte GmbH &amp; Co KG<\/strong><br>Schubertring 6<br>1010 Dunaj, Avstrija<br>T. + 43 1 515 10<br>F. + 43 1 515 10 25<br>E.\u00a0<a href=\"javascript:linkTo_UnCryptMailto(%27nbjmup%2BxjfoAxpmguifjtt%5C%2Fdpn%27);\">wien@wolftheiss.com<\/a><br><strong><strong><strong><strong><strong>Registrska \u0161tevilka<\/strong>:<\/strong><\/strong><\/strong><\/strong>\u00a0FN 403377 b, Gospodarsko sodi\u0161\u010de na Dunaju<\/p>\n\n\n\n<p><strong><strong>ID za DDV:<\/strong><\/strong>\u00a0ATU 68242500<\/p>\n\n\n\n<p><strong>Dejavnost:&nbsp;<\/strong>odvetni\u0161tvo<\/p>\n\n\n\n<p><strong>Regulativni organ:<\/strong>\u00a0Avstrijska odvetni\u0161ka zbornica in Odvetni\u0161ka zbornica na Dunaju (na voljo na\u00a0<a rel=\"noreferrer noopener\" href=\"https:\/\/www.rakwien.at\/?seite=index\" target=\"_blank\">https:\/\/www.rakwien.at<\/a>)<\/p>\n\n\n\n<p>Za Wolf Theiss veljajo pravila Avstrijske odvetni\u0161ke zbornice (RAO in RL-BA, na voljo na\u00a0<a rel=\"noreferrer noopener\" href=\"https:\/\/www.oerak.at\/\" target=\"_blank\">www.oerak.at<\/a>)<\/p>\n\n\n\n<p><strong>Uredni\u0161ka politika:<\/strong>\u00a0Redno objavljamo najnovej\u0161e informacije o na\u0161i skupini in novosti s pravnega podro\u010dja z namenom obve\u0161\u010danja obiskovalcev in uresni\u010devanja ciljev na\u0161ih poslovnih dejavnosti.<\/p>\n\n\n\n<p><strong>Komplementar<\/strong>:<\/p>\n\n\n\n<p>WOLF THEISS Rechtsanw\u00e4lte GmbH<br>Schubertring 6<br>1010 Dunaj, Avstrija<br><strong><strong>Registrska \u0161tevilka:<\/strong><\/strong>\u00a0\u00a0FN 402159 k, Gospodarsko sodi\u0161\u010de na Dunaju<\/p>\n\n\n\n<p><strong><strong><strong>Poslovodni dru\u017ebeniki:<\/strong><\/strong><\/strong>\u00a0Dr. Georg Kresbach, Dr. Richard Wolf,\u00a0 Dr. Andreas Schmid, Dr. Horst Ebhardt, Dr. Peter Oberlechner, Dr. Erik Steger, Dr. Ralf Peschek, MMag.Dr. Niklas Schmidt, Dr. Claus Schneider, Dr. Christian Mikosch, Dr. Markus Bruckm\u00fcller, Dr. G\u00fcnter Bauer, Mag. Manfred Essletzbichler, Dr. Kurt Retter, Dr. Nikolaus Paul, Mag. Wolfgang M\u00fcller, Dr. Clemens Trauttenberg M.B.L.-HSG, Dr. Andrea Gritsch, Mag. Sebastian Oberzaucher, Dr. Stefan Riegler, Mag. Roland Marko, Dr. Florian Kusznier<\/p>\n\n\n\n<p><strong><strong>Vse pravice na tem spletnem mestu si pridr\u017euje dru\u017eba<\/strong><\/strong>\u00a0WOLF THEISS Rechtsanw\u00e4lte GmbH &amp; Co KG.<\/p>\n\n\n\n<p>Za kakr\u0161na koli vpra\u0161anja v zvezi s spletnim mestom se obrnite na:\u00a0<a href=\"javascript:linkTo_UnCryptMailto(%27nbjmup%2BnbslfujohAxpmguifjtt%5C%2Fdpn%27);\">marketing@wolftheiss.com<\/a><\/p>\n\n\n\n<h3 class=\"wp-block-heading\">Avtorska pravica<\/h3>\n\n\n\n<p>Vsebina spletnega mesta Wolf Theiss, ki je na voljo pod spletnim naslovom www.wolftheiss.com (v nadaljevanju \u201cspletno mesto\u201d), je za\u0161\u010ditena s pravicami intelektualne lastnine in je namenjena zgolj zasebni uporabi. Vsakr\u0161na uporaba vsebine tega spletnega mesta, ki je v nasprotju z dolo\u010dbami o avtorski pravici ali katerimi koli drugimi dolo\u010dbami o za\u0161\u010diti intelektualne lastnine, je prepovedana. Te vsebine ne smete spreminjati, razmno\u017eevati, kopirati, distribuirati, razkrivati tretjim osebam, je uporabljati v komercialne namene ali iz nje pridobivati koristi.<\/p>\n\n\n\n<h3 class=\"wp-block-heading\">Omejitev odgovornosti<\/h3>\n\n\n\n<p>Informacije na tem spletnem mestu so na voljo le v splo\u0161ne informativne namene in niso namenjene zagotavljanju pravnega ali kakr\u0161nega koli drugega svetovanja v kakr\u0161ne koli namene.<\/p>\n\n\n\n<p>S prejemom informacij, predstavljenih na tem spletnem mestu, ali po\u0161iljanjem elektronskega sporo\u010dila ali druge elektronske komunikacije dru\u017ebi Wolf Theiss ali njenim pravnikom prek tega spletnega mesta se ne vzpostavi razmerje med odvetnikom in stranko. Informacije na tem spletnem mestu ne nadome\u0161\u010dajo individualnega pravnega svetovanja s strani odvetnika.<\/p>\n\n\n\n<p>Vse objavljene informacije so temeljito preverjene. Predhodni rezultati ne zagotavljajo podobnega izida.<\/p>\n\n\n\n<p>Wolf Theiss ne prevzema nobene odgovornosti in izrecno zavra\u010da od\u0161kodninsko odgovornost v zvezi z zana\u0161anjem na informacije ali mnenja, objavljena na tem spletnem mestu, ter v zvezi z dejanji, ki se na podlagi njegove vsebine izvedejo ali ne izvedejo.<\/p>\n\n\n\n<p>To spletno mesto lahko vsebuje povezave do zunanjih spletnih mest in zunanja spletna mesta se lahko sklicujejo na to spletno mesto. Dru\u017eba Wolf Theiss ni odgovorna za vsebino tak\u0161nih zunanjih spletnih mest in ne sprejema nikakr\u0161ne s tem povezane odgovornosti.<\/p>\n\n\n<div class=\"block block--download\">\n    <div class=\"block__content\">\n        <div class=\"block__head\">\n            <p class=\"block__title\">Download General Terms and Conditions for Contracts for Law<\/p>\n            <p class=\"block__subtitle p1\">The Terms and Conditions for Contracts shall also apply to new mandates, unless agreed otherwise in writing.<\/p>\n        <\/div>\n                <a href=\"https:\/\/www.wolftheiss.com\/wp-content\/uploads\/General_terms_and_conditions_for_contracts_for_lawyers_08095.pdf\" class=\"block__button btn btn-ghost btn-icon\" download>\n            <svg class=\"icon icon-download\">\n                <use href=\"#icon-download\">\n                <\/use>\n            <\/svg>\n            Download PDF        <\/a>\n    <\/div>\n<\/div>\n\n<div class=\"block block--download\">\n    <div class=\"block__content\">\n        <div class=\"block__head\">\n            <p class=\"block__title\">Download the Declaration of Consent for Applications at Wolf Theiss<\/p>\n            <p class=\"block__subtitle p1\">Declaration of Consent for the Wolf Theiss online career site.<\/p>\n        <\/div>\n                <a href=\"https:\/\/www.wolftheiss.com\/wp-content\/uploads\/Datenschutz_Career_DeclarationOfConsent.pdf\" class=\"block__button btn btn-ghost btn-icon\" download>\n            <svg class=\"icon icon-download\">\n                <use href=\"#icon-download\">\n                <\/use>\n            <\/svg>\n            Download PDF        <\/a>\n    <\/div>\n<\/div>\n\n\n<p><\/p>\n\n\n\n<p><\/p>\n","protected":false},"excerpt":{"rendered":"<p>\u00a9 2022 Wolf Theiss Rechtsanw\u00e4lte GmbH &amp; Co KG WOLF THEISS Rechtsanw\u00e4lte GmbH &amp; Co KGSchubertring 61010 Dunaj, AvstrijaT. + 43 1 515 10F. + 43 1 515 10 25E.\u00a0wien@wolftheiss.comRegistrska \u0161tevilka:\u00a0FN 403377 b, Gospodarsko sodi\u0161\u010de na Dunaju ID za DDV:\u00a0ATU 68242500 Dejavnost:&nbsp;odvetni\u0161tvo Regulativni organ:\u00a0Avstrijska odvetni\u0161ka zbornica in Odvetni\u0161ka zbornica na Dunaju (na voljo na\u00a0https:\/\/www.rakwien.at) Za &hellip; <a href=\"https:\/\/www.wolftheiss.com\/sl\/imprint\/\">Continued<\/a><\/p>\n","protected":false},"author":34,"featured_media":0,"parent":0,"menu_order":0,"comment_status":"closed","ping_status":"closed","template":"","meta":{"_acf_changed":false,"footnotes":""},"class_list":["post-69706","page","type-page","status-publish","hentry"],"acf":[],"yoast_head":"<!-- This site is optimized with the Yoast SEO Premium plugin v27.4 (Yoast SEO v27.4) - https:\/\/yoast.com\/product\/yoast-seo-premium-wordpress\/ -->\n<title>Pravno obvestilo - Wolf Theiss - Leading Lawyers in CEE&amp;SEE<\/title>\n<meta name=\"robots\" content=\"index, follow, max-snippet:-1, max-image-preview:large, max-video-preview:-1\" \/>\n<link rel=\"canonical\" href=\"https:\/\/www.wolftheiss.com\/sl\/imprint\/\" \/>\n<meta property=\"og:locale\" content=\"sl_SI\" \/>\n<meta property=\"og:type\" content=\"article\" \/>\n<meta property=\"og:title\" content=\"Pravno obvestilo - Wolf Theiss - Leading Lawyers in CEE&amp;SEE\" \/>\n<meta property=\"og:description\" content=\"\u00a9 2022 Wolf Theiss Rechtsanw\u00e4lte GmbH &amp; Co KG WOLF THEISS Rechtsanw\u00e4lte GmbH &amp; Co KGSchubertring 61010 Dunaj, AvstrijaT. + 43 1 515 10F. + 43 1 515 10 25E.\u00a0wien@wolftheiss.comRegistrska \u0161tevilka:\u00a0FN 403377 b, Gospodarsko sodi\u0161\u010de na Dunaju ID za DDV:\u00a0ATU 68242500 Dejavnost:&nbsp;odvetni\u0161tvo Regulativni organ:\u00a0Avstrijska odvetni\u0161ka zbornica in Odvetni\u0161ka zbornica na Dunaju (na voljo na\u00a0https:\/\/www.rakwien.at) Za &hellip; Continued\" \/>\n<meta property=\"og:url\" content=\"https:\/\/www.wolftheiss.com\/sl\/imprint\/\" \/>\n<meta property=\"og:site_name\" content=\"Wolf Theiss - Leading Lawyers in CEE&amp;SEE\" \/>\n<meta property=\"article:publisher\" content=\"https:\/\/www.facebook.com\/WOLFTHEISS\" \/>\n<meta property=\"article:modified_time\" content=\"2022-09-09T06:17:19+00:00\" \/>\n<meta property=\"og:image\" content=\"https:\/\/www.wolftheiss.com\/wp-content\/uploads\/2025\/10\/wolf-theiss-site-image.jpg\" \/>\n\t<meta property=\"og:image:width\" content=\"1200\" \/>\n\t<meta property=\"og:image:height\" content=\"675\" \/>\n\t<meta property=\"og:image:type\" content=\"image\/jpeg\" \/>\n<meta name=\"twitter:card\" content=\"summary_large_image\" \/>\n<meta name=\"twitter:site\" content=\"@wolftheiss\" \/>\n<meta name=\"twitter:label1\" content=\"Est. reading time\" \/>\n\t<meta name=\"twitter:data1\" content=\"3 minutes\" \/>\n<script type=\"application\/ld+json\" class=\"yoast-schema-graph\">{\"@context\":\"https:\\\/\\\/schema.org\",\"@graph\":[{\"@type\":\"WebPage\",\"@id\":\"https:\\\/\\\/www.wolftheiss.com\\\/sl\\\/imprint\\\/\",\"url\":\"https:\\\/\\\/www.wolftheiss.com\\\/sl\\\/imprint\\\/\",\"name\":\"Pravno obvestilo - Wolf Theiss - Leading Lawyers in CEE&SEE\",\"isPartOf\":{\"@id\":\"https:\\\/\\\/www.wolftheiss.com\\\/#website\"},\"datePublished\":\"2022-03-16T09:50:38+00:00\",\"dateModified\":\"2022-09-09T06:17:19+00:00\",\"breadcrumb\":{\"@id\":\"https:\\\/\\\/www.wolftheiss.com\\\/sl\\\/imprint\\\/#breadcrumb\"},\"inLanguage\":\"sl-SI\",\"potentialAction\":[{\"@type\":\"ReadAction\",\"target\":[\"https:\\\/\\\/www.wolftheiss.com\\\/sl\\\/imprint\\\/\"]}]},{\"@type\":\"BreadcrumbList\",\"@id\":\"https:\\\/\\\/www.wolftheiss.com\\\/sl\\\/imprint\\\/#breadcrumb\",\"itemListElement\":[{\"@type\":\"ListItem\",\"position\":1,\"name\":\"Home\",\"item\":\"https:\\\/\\\/www.wolftheiss.com\\\/\"},{\"@type\":\"ListItem\",\"position\":2,\"name\":\"Pravno obvestilo\"}]},{\"@type\":\"WebSite\",\"@id\":\"https:\\\/\\\/www.wolftheiss.com\\\/#website\",\"url\":\"https:\\\/\\\/www.wolftheiss.com\\\/\",\"name\":\"Wolf Theiss - Leading Lawyers in CEE\\\/SEE\",\"description\":\"Wolf Theiss is one of the leading law firms in Central, Eastern and South-Eastern Europe (CEE\\\/SEE).\",\"publisher\":{\"@id\":\"https:\\\/\\\/www.wolftheiss.com\\\/#organization\"},\"potentialAction\":[{\"@type\":\"SearchAction\",\"target\":{\"@type\":\"EntryPoint\",\"urlTemplate\":\"https:\\\/\\\/www.wolftheiss.com\\\/?s={search_term_string}\"},\"query-input\":{\"@type\":\"PropertyValueSpecification\",\"valueRequired\":true,\"valueName\":\"search_term_string\"}}],\"inLanguage\":\"sl-SI\"},{\"@type\":\"Organization\",\"@id\":\"https:\\\/\\\/www.wolftheiss.com\\\/#organization\",\"name\":\"Wolf Theiss \u2013 Leading Lawyers in CEE\\\/SEE\",\"url\":\"https:\\\/\\\/www.wolftheiss.com\\\/\",\"logo\":{\"@type\":\"ImageObject\",\"inLanguage\":\"sl-SI\",\"@id\":\"https:\\\/\\\/www.wolftheiss.com\\\/#\\\/schema\\\/logo\\\/image\\\/\",\"url\":\"https:\\\/\\\/www.wolftheiss.com\\\/wp-content\\\/uploads\\\/2023\\\/05\\\/WT_Logo_RGB-black.png\",\"contentUrl\":\"https:\\\/\\\/www.wolftheiss.com\\\/wp-content\\\/uploads\\\/2023\\\/05\\\/WT_Logo_RGB-black.png\",\"width\":4167,\"height\":661,\"caption\":\"Wolf Theiss \u2013 Leading Lawyers in CEE\\\/SEE\"},\"image\":{\"@id\":\"https:\\\/\\\/www.wolftheiss.com\\\/#\\\/schema\\\/logo\\\/image\\\/\"},\"sameAs\":[\"https:\\\/\\\/www.facebook.com\\\/WOLFTHEISS\",\"https:\\\/\\\/x.com\\\/wolftheiss\",\"https:\\\/\\\/www.instagram.com\\\/wolftheiss_\\\/\",\"https:\\\/\\\/www.linkedin.com\\\/company\\\/wolf-theiss\\\/\"],\"diversityStaffingReport\":\"https:\\\/\\\/www.wolftheiss.com\\\/firm\\\/diversity-and-inclusion\\\/\"}]}<\/script>\n<!-- \/ Yoast SEO Premium plugin. -->","yoast_head_json":{"title":"Pravno obvestilo - Wolf Theiss - Leading Lawyers in CEE&SEE","robots":{"index":"index","follow":"follow","max-snippet":"max-snippet:-1","max-image-preview":"max-image-preview:large","max-video-preview":"max-video-preview:-1"},"canonical":"https:\/\/www.wolftheiss.com\/sl\/imprint\/","og_locale":"sl_SI","og_type":"article","og_title":"Pravno obvestilo - Wolf Theiss - Leading Lawyers in CEE&SEE","og_description":"\u00a9 2022 Wolf Theiss Rechtsanw\u00e4lte GmbH &amp; Co KG WOLF THEISS Rechtsanw\u00e4lte GmbH &amp; Co KGSchubertring 61010 Dunaj, AvstrijaT. + 43 1 515 10F. + 43 1 515 10 25E.\u00a0wien@wolftheiss.comRegistrska \u0161tevilka:\u00a0FN 403377 b, Gospodarsko sodi\u0161\u010de na Dunaju ID za DDV:\u00a0ATU 68242500 Dejavnost:&nbsp;odvetni\u0161tvo Regulativni organ:\u00a0Avstrijska odvetni\u0161ka zbornica in Odvetni\u0161ka zbornica na Dunaju (na voljo na\u00a0https:\/\/www.rakwien.at) Za &hellip; Continued","og_url":"https:\/\/www.wolftheiss.com\/sl\/imprint\/","og_site_name":"Wolf Theiss - Leading Lawyers in CEE&amp;SEE","article_publisher":"https:\/\/www.facebook.com\/WOLFTHEISS","article_modified_time":"2022-09-09T06:17:19+00:00","og_image":[{"width":1200,"height":675,"url":"https:\/\/www.wolftheiss.com\/wp-content\/uploads\/2025\/10\/wolf-theiss-site-image.jpg","type":"image\/jpeg"}],"twitter_card":"summary_large_image","twitter_site":"@wolftheiss","twitter_misc":{"Est. reading time":"3 minutes"},"schema":{"@context":"https:\/\/schema.org","@graph":[{"@type":"WebPage","@id":"https:\/\/www.wolftheiss.com\/sl\/imprint\/","url":"https:\/\/www.wolftheiss.com\/sl\/imprint\/","name":"Pravno obvestilo - Wolf Theiss - Leading Lawyers in CEE&SEE","isPartOf":{"@id":"https:\/\/www.wolftheiss.com\/#website"},"datePublished":"2022-03-16T09:50:38+00:00","dateModified":"2022-09-09T06:17:19+00:00","breadcrumb":{"@id":"https:\/\/www.wolftheiss.com\/sl\/imprint\/#breadcrumb"},"inLanguage":"sl-SI","potentialAction":[{"@type":"ReadAction","target":["https:\/\/www.wolftheiss.com\/sl\/imprint\/"]}]},{"@type":"BreadcrumbList","@id":"https:\/\/www.wolftheiss.com\/sl\/imprint\/#breadcrumb","itemListElement":[{"@type":"ListItem","position":1,"name":"Home","item":"https:\/\/www.wolftheiss.com\/"},{"@type":"ListItem","position":2,"name":"Pravno obvestilo"}]},{"@type":"WebSite","@id":"https:\/\/www.wolftheiss.com\/#website","url":"https:\/\/www.wolftheiss.com\/","name":"Wolf Theiss - Leading Lawyers in CEE\/SEE","description":"Wolf Theiss is one of the leading law firms in Central, Eastern and South-Eastern Europe (CEE\/SEE).","publisher":{"@id":"https:\/\/www.wolftheiss.com\/#organization"},"potentialAction":[{"@type":"SearchAction","target":{"@type":"EntryPoint","urlTemplate":"https:\/\/www.wolftheiss.com\/?s={search_term_string}"},"query-input":{"@type":"PropertyValueSpecification","valueRequired":true,"valueName":"search_term_string"}}],"inLanguage":"sl-SI"},{"@type":"Organization","@id":"https:\/\/www.wolftheiss.com\/#organization","name":"Wolf Theiss \u2013 Leading Lawyers in CEE\/SEE","url":"https:\/\/www.wolftheiss.com\/","logo":{"@type":"ImageObject","inLanguage":"sl-SI","@id":"https:\/\/www.wolftheiss.com\/#\/schema\/logo\/image\/","url":"https:\/\/www.wolftheiss.com\/wp-content\/uploads\/2023\/05\/WT_Logo_RGB-black.png","contentUrl":"https:\/\/www.wolftheiss.com\/wp-content\/uploads\/2023\/05\/WT_Logo_RGB-black.png","width":4167,"height":661,"caption":"Wolf Theiss \u2013 Leading Lawyers in CEE\/SEE"},"image":{"@id":"https:\/\/www.wolftheiss.com\/#\/schema\/logo\/image\/"},"sameAs":["https:\/\/www.facebook.com\/WOLFTHEISS","https:\/\/x.com\/wolftheiss","https:\/\/www.instagram.com\/wolftheiss_\/","https:\/\/www.linkedin.com\/company\/wolf-theiss\/"],"diversityStaffingReport":"https:\/\/www.wolftheiss.com\/firm\/diversity-and-inclusion\/"}]}},"_links":{"self":[{"href":"https:\/\/www.wolftheiss.com\/sl\/wp-json\/wp\/v2\/pages\/69706","targetHints":{"allow":["GET"]}}],"collection":[{"href":"https:\/\/www.wolftheiss.com\/sl\/wp-json\/wp\/v2\/pages"}],"about":[{"href":"https:\/\/www.wolftheiss.com\/sl\/wp-json\/wp\/v2\/types\/page"}],"author":[{"embeddable":true,"href":"https:\/\/www.wolftheiss.com\/sl\/wp-json\/wp\/v2\/users\/34"}],"replies":[{"embeddable":true,"href":"https:\/\/www.wolftheiss.com\/sl\/wp-json\/wp\/v2\/comments?post=69706"}],"version-history":[{"count":0,"href":"https:\/\/www.wolftheiss.com\/sl\/wp-json\/wp\/v2\/pages\/69706\/revisions"}],"wp:attachment":[{"href":"https:\/\/www.wolftheiss.com\/sl\/wp-json\/wp\/v2\/media?parent=69706"}],"curies":[{"name":"wp","href":"https:\/\/api.w.org\/{rel}","templated":true}]}}